{"id":3193,"date":"2026-01-07T09:59:29","date_gmt":"2026-01-07T09:59:29","guid":{"rendered":"https:\/\/ambiance.maisoninterbois.com\/?post_type=product&#038;p=3193"},"modified":"2026-01-07T10:05:47","modified_gmt":"2026-01-07T10:05:47","slug":"antares-copie","status":"publish","type":"product","link":"https:\/\/ambiance.maisoninterbois.com\/ar\/product\/antares-copie\/","title":{"rendered":"Atlas"},"content":{"rendered":"","protected":false},"excerpt":{"rendered":"<p style=\"text-align: left;\">Transformez votre int\u00e9rieur avec ATLAS. Ce profil\u00e9 mural en MDF apporte instantan\u00e9ment relief et profondeur \u00e0 vos murs. Gr\u00e2ce \u00e0 son design latt\u00e9 contemporain, le mod\u00e8le ATLAS joue avec les ombres et la lumi\u00e8re pour cr\u00e9er une atmosph\u00e8re sophistiqu\u00e9e et chaleureuse. L&rsquo;\u00e9quilibre parfait entre \u00e9l\u00e9gance moderne et caract\u00e8re intemporel.<\/p>\n<p style=\"text-align: center;\"><strong><span style=\"color: #000000;\">Dimension :\u00a0<\/span><\/strong>18x121x2800cm<\/p>","protected":false},"featured_media":3194,"template":"","meta":[],"product_brand":[],"product_cat":[80],"product_tag":[],"class_list":{"0":"post-3193","1":"product","2":"type-product","3":"status-publish","4":"has-post-thumbnail","6":"product_cat-profile-mural","8":"first","9":"instock","10":"shipping-taxable","11":"purchasable","12":"product-type-simple","13":"layout-style-2","14":"col-md-4 col-sm-4 col-xs-6","15":"col-lg-3","16":"product-has-gallery","17":"product-style-addtocart"},"yoast_head":"<!-- This site is optimized with the Yoast SEO Premium plugin v26.3 (Yoast SEO v27.4) - https:\/\/yoast.com\/product\/yoast-seo-premium-wordpress\/ -->\n<title>Atlas | INTERBOIS AMBIANCE<\/title>\n<meta name=\"robots\" content=\"index, follow, max-snippet:-1, max-image-preview:large, max-video-preview:-1\" \/>\n<link rel=\"canonical\" href=\"https:\/\/ambiance.maisoninterbois.com\/ar\/product\/antares-copie\/\" \/>\n<meta property=\"og:locale\" content=\"ar_AR\" \/>\n<meta property=\"og:type\" content=\"article\" \/>\n<meta property=\"og:title\" content=\"Atlas\" \/>\n<meta property=\"og:description\" content=\"Transformez votre int\u00e9rieur avec ATLAS. Ce profil\u00e9 mural en MDF apporte instantan\u00e9ment relief et profondeur \u00e0 vos murs. Gr\u00e2ce \u00e0 son design latt\u00e9 contemporain, le mod\u00e8le ATLAS joue avec les ombres et la lumi\u00e8re pour cr\u00e9er une atmosph\u00e8re sophistiqu\u00e9e et chaleureuse. L&#039;\u00e9quilibre parfait entre \u00e9l\u00e9gance moderne et caract\u00e8re intemporel. Dimension :\u00a018x121x2800cm\" \/>\n<meta property=\"og:url\" content=\"https:\/\/ambiance.maisoninterbois.com\/ar\/product\/antares-copie\/\" \/>\n<meta property=\"og:site_name\" content=\"INTERBOIS AMBIANCE\" \/>\n<meta property=\"article:publisher\" content=\"https:\/\/www.facebook.com\/InterboisAmbiance\" \/>\n<meta property=\"article:modified_time\" content=\"2026-01-07T10:05:47+00:00\" \/>\n<meta property=\"og:image\" content=\"https:\/\/ambiance.maisoninterbois.com\/wp-content\/uploads\/2026\/01\/MDF-2-827x1024.png\" \/>\n\t<meta property=\"og:image:width\" content=\"827\" \/>\n\t<meta property=\"og:image:height\" content=\"1024\" \/>\n\t<meta property=\"og:image:type\" content=\"image\/png\" \/>\n<meta name=\"twitter:card\" content=\"summary_large_image\" \/>\n<meta name=\"twitter:label1\" content=\"\u0648\u0642\u062a \u0627\u0644\u0642\u0631\u0627\u0621\u0629 \u0627\u0644\u0645\u064f\u0642\u062f\u0651\u0631\" \/>\n\t<meta name=\"twitter:data1\" content=\"\u062f\u0642\u064a\u0642\u0629 \u0648\u0627\u062d\u062f\u0629\" \/>\n<script type=\"application\/ld+json\" class=\"yoast-schema-graph\">{\"@context\":\"https:\\\/\\\/schema.org\",\"@graph\":[{\"@type\":\"WebPage\",\"@id\":\"https:\\\/\\\/ambiance.maisoninterbois.com\\\/product\\\/antares-copie\\\/\",\"url\":\"https:\\\/\\\/ambiance.maisoninterbois.com\\\/product\\\/antares-copie\\\/\",\"name\":\"Atlas | INTERBOIS AMBIANCE\",\"isPartOf\":{\"@id\":\"https:\\\/\\\/ambiance.maisoninterbois.com\\\/#website\"},\"primaryImageOfPage\":{\"@id\":\"https:\\\/\\\/ambiance.maisoninterbois.com\\\/product\\\/antares-copie\\\/#primaryimage\"},\"image\":{\"@id\":\"https:\\\/\\\/ambiance.maisoninterbois.com\\\/product\\\/antares-copie\\\/#primaryimage\"},\"thumbnailUrl\":\"https:\\\/\\\/ambiance.maisoninterbois.com\\\/wp-content\\\/uploads\\\/2026\\\/01\\\/MDF-2-scaled.png\",\"datePublished\":\"2026-01-07T09:59:29+00:00\",\"dateModified\":\"2026-01-07T10:05:47+00:00\",\"breadcrumb\":{\"@id\":\"https:\\\/\\\/ambiance.maisoninterbois.com\\\/product\\\/antares-copie\\\/#breadcrumb\"},\"inLanguage\":\"ar\",\"potentialAction\":[{\"@type\":\"ReadAction\",\"target\":[\"https:\\\/\\\/ambiance.maisoninterbois.com\\\/product\\\/antares-copie\\\/\"]}]},{\"@type\":\"ImageObject\",\"inLanguage\":\"ar\",\"@id\":\"https:\\\/\\\/ambiance.maisoninterbois.com\\\/product\\\/antares-copie\\\/#primaryimage\",\"url\":\"https:\\\/\\\/ambiance.maisoninterbois.com\\\/wp-content\\\/uploads\\\/2026\\\/01\\\/MDF-2-scaled.png\",\"contentUrl\":\"https:\\\/\\\/ambiance.maisoninterbois.com\\\/wp-content\\\/uploads\\\/2026\\\/01\\\/MDF-2-scaled.png\",\"width\":2069,\"height\":2560},{\"@type\":\"BreadcrumbList\",\"@id\":\"https:\\\/\\\/ambiance.maisoninterbois.com\\\/product\\\/antares-copie\\\/#breadcrumb\",\"itemListElement\":[{\"@type\":\"ListItem\",\"position\":1,\"name\":\"Accueil\",\"item\":\"https:\\\/\\\/ambiance.maisoninterbois.com\\\/\"},{\"@type\":\"ListItem\",\"position\":2,\"name\":\"Produits\",\"item\":\"https:\\\/\\\/ambiance.maisoninterbois.com\\\/produits\\\/\"},{\"@type\":\"ListItem\",\"position\":3,\"name\":\"Atlas\"}]},{\"@type\":\"WebSite\",\"@id\":\"https:\\\/\\\/ambiance.maisoninterbois.com\\\/#website\",\"url\":\"https:\\\/\\\/ambiance.maisoninterbois.com\\\/\",\"name\":\"INTERBOIS AMBIANCE\",\"description\":\"Qualit\u00e9 et confort pour un style in\u00e9gal\u00e9\",\"publisher\":{\"@id\":\"https:\\\/\\\/ambiance.maisoninterbois.com\\\/#organization\"},\"potentialAction\":[{\"@type\":\"SearchAction\",\"target\":{\"@type\":\"EntryPoint\",\"urlTemplate\":\"https:\\\/\\\/ambiance.maisoninterbois.com\\\/?s={search_term_string}\"},\"query-input\":{\"@type\":\"PropertyValueSpecification\",\"valueRequired\":true,\"valueName\":\"search_term_string\"}}],\"inLanguage\":\"ar\"},{\"@type\":\"Organization\",\"@id\":\"https:\\\/\\\/ambiance.maisoninterbois.com\\\/#organization\",\"name\":\"Ambiance Interbois\",\"url\":\"https:\\\/\\\/ambiance.maisoninterbois.com\\\/\",\"logo\":{\"@type\":\"ImageObject\",\"inLanguage\":\"ar\",\"@id\":\"https:\\\/\\\/ambiance.maisoninterbois.com\\\/#\\\/schema\\\/logo\\\/image\\\/\",\"url\":\"https:\\\/\\\/ambiance.maisoninterbois.com\\\/wp-content\\\/uploads\\\/2024\\\/05\\\/Logo-interbois-Fond-clair.png\",\"contentUrl\":\"https:\\\/\\\/ambiance.maisoninterbois.com\\\/wp-content\\\/uploads\\\/2024\\\/05\\\/Logo-interbois-Fond-clair.png\",\"width\":2560,\"height\":1440,\"caption\":\"Ambiance Interbois\"},\"image\":{\"@id\":\"https:\\\/\\\/ambiance.maisoninterbois.com\\\/#\\\/schema\\\/logo\\\/image\\\/\"},\"sameAs\":[\"https:\\\/\\\/www.facebook.com\\\/InterboisAmbiance\",\"https:\\\/\\\/www.instagram.com\\\/interboisambiance\",\"https:\\\/\\\/www.linkedin.com\\\/company\\\/interbois-ambiance\\\/\"]}]}<\/script>\n<!-- \/ Yoast SEO Premium plugin. -->","yoast_head_json":{"title":"Atlas | INTERBOIS AMBIANCE","robots":{"index":"index","follow":"follow","max-snippet":"max-snippet:-1","max-image-preview":"max-image-preview:large","max-video-preview":"max-video-preview:-1"},"canonical":"https:\/\/ambiance.maisoninterbois.com\/ar\/product\/antares-copie\/","og_locale":"ar_AR","og_type":"article","og_title":"Atlas","og_description":"Transformez votre int\u00e9rieur avec ATLAS. Ce profil\u00e9 mural en MDF apporte instantan\u00e9ment relief et profondeur \u00e0 vos murs. Gr\u00e2ce \u00e0 son design latt\u00e9 contemporain, le mod\u00e8le ATLAS joue avec les ombres et la lumi\u00e8re pour cr\u00e9er une atmosph\u00e8re sophistiqu\u00e9e et chaleureuse. L'\u00e9quilibre parfait entre \u00e9l\u00e9gance moderne et caract\u00e8re intemporel. Dimension :\u00a018x121x2800cm","og_url":"https:\/\/ambiance.maisoninterbois.com\/ar\/product\/antares-copie\/","og_site_name":"INTERBOIS AMBIANCE","article_publisher":"https:\/\/www.facebook.com\/InterboisAmbiance","article_modified_time":"2026-01-07T10:05:47+00:00","og_image":[{"width":827,"height":1024,"url":"https:\/\/ambiance.maisoninterbois.com\/wp-content\/uploads\/2026\/01\/MDF-2-827x1024.png","type":"image\/png"}],"twitter_card":"summary_large_image","twitter_misc":{"\u0648\u0642\u062a \u0627\u0644\u0642\u0631\u0627\u0621\u0629 \u0627\u0644\u0645\u064f\u0642\u062f\u0651\u0631":"\u062f\u0642\u064a\u0642\u0629 \u0648\u0627\u062d\u062f\u0629"},"schema":{"@context":"https:\/\/schema.org","@graph":[{"@type":"WebPage","@id":"https:\/\/ambiance.maisoninterbois.com\/product\/antares-copie\/","url":"https:\/\/ambiance.maisoninterbois.com\/product\/antares-copie\/","name":"Atlas | INTERBOIS AMBIANCE","isPartOf":{"@id":"https:\/\/ambiance.maisoninterbois.com\/#website"},"primaryImageOfPage":{"@id":"https:\/\/ambiance.maisoninterbois.com\/product\/antares-copie\/#primaryimage"},"image":{"@id":"https:\/\/ambiance.maisoninterbois.com\/product\/antares-copie\/#primaryimage"},"thumbnailUrl":"https:\/\/ambiance.maisoninterbois.com\/wp-content\/uploads\/2026\/01\/MDF-2-scaled.png","datePublished":"2026-01-07T09:59:29+00:00","dateModified":"2026-01-07T10:05:47+00:00","breadcrumb":{"@id":"https:\/\/ambiance.maisoninterbois.com\/product\/antares-copie\/#breadcrumb"},"inLanguage":"ar","potentialAction":[{"@type":"ReadAction","target":["https:\/\/ambiance.maisoninterbois.com\/product\/antares-copie\/"]}]},{"@type":"ImageObject","inLanguage":"ar","@id":"https:\/\/ambiance.maisoninterbois.com\/product\/antares-copie\/#primaryimage","url":"https:\/\/ambiance.maisoninterbois.com\/wp-content\/uploads\/2026\/01\/MDF-2-scaled.png","contentUrl":"https:\/\/ambiance.maisoninterbois.com\/wp-content\/uploads\/2026\/01\/MDF-2-scaled.png","width":2069,"height":2560},{"@type":"BreadcrumbList","@id":"https:\/\/ambiance.maisoninterbois.com\/product\/antares-copie\/#breadcrumb","itemListElement":[{"@type":"ListItem","position":1,"name":"Accueil","item":"https:\/\/ambiance.maisoninterbois.com\/"},{"@type":"ListItem","position":2,"name":"Produits","item":"https:\/\/ambiance.maisoninterbois.com\/produits\/"},{"@type":"ListItem","position":3,"name":"Atlas"}]},{"@type":"WebSite","@id":"https:\/\/ambiance.maisoninterbois.com\/#website","url":"https:\/\/ambiance.maisoninterbois.com\/","name":"INTERBOIS AMBIANCE","description":"Qualit\u00e9 et confort pour un style in\u00e9gal\u00e9","publisher":{"@id":"https:\/\/ambiance.maisoninterbois.com\/#organization"},"potentialAction":[{"@type":"SearchAction","target":{"@type":"EntryPoint","urlTemplate":"https:\/\/ambiance.maisoninterbois.com\/?s={search_term_string}"},"query-input":{"@type":"PropertyValueSpecification","valueRequired":true,"valueName":"search_term_string"}}],"inLanguage":"ar"},{"@type":"Organization","@id":"https:\/\/ambiance.maisoninterbois.com\/#organization","name":"Ambiance Interbois","url":"https:\/\/ambiance.maisoninterbois.com\/","logo":{"@type":"ImageObject","inLanguage":"ar","@id":"https:\/\/ambiance.maisoninterbois.com\/#\/schema\/logo\/image\/","url":"https:\/\/ambiance.maisoninterbois.com\/wp-content\/uploads\/2024\/05\/Logo-interbois-Fond-clair.png","contentUrl":"https:\/\/ambiance.maisoninterbois.com\/wp-content\/uploads\/2024\/05\/Logo-interbois-Fond-clair.png","width":2560,"height":1440,"caption":"Ambiance Interbois"},"image":{"@id":"https:\/\/ambiance.maisoninterbois.com\/#\/schema\/logo\/image\/"},"sameAs":["https:\/\/www.facebook.com\/InterboisAmbiance","https:\/\/www.instagram.com\/interboisambiance","https:\/\/www.linkedin.com\/company\/interbois-ambiance\/"]}]}},"_links":{"self":[{"href":"https:\/\/ambiance.maisoninterbois.com\/ar\/wp-json\/wp\/v2\/product\/3193","targetHints":{"allow":["GET"]}}],"collection":[{"href":"https:\/\/ambiance.maisoninterbois.com\/ar\/wp-json\/wp\/v2\/product"}],"about":[{"href":"https:\/\/ambiance.maisoninterbois.com\/ar\/wp-json\/wp\/v2\/types\/product"}],"wp:featuredmedia":[{"embeddable":true,"href":"https:\/\/ambiance.maisoninterbois.com\/ar\/wp-json\/wp\/v2\/media\/3194"}],"wp:attachment":[{"href":"https:\/\/ambiance.maisoninterbois.com\/ar\/wp-json\/wp\/v2\/media?parent=3193"}],"wp:term":[{"taxonomy":"product_brand","embeddable":true,"href":"https:\/\/ambiance.maisoninterbois.com\/ar\/wp-json\/wp\/v2\/product_brand?post=3193"},{"taxonomy":"product_cat","embeddable":true,"href":"https:\/\/ambiance.maisoninterbois.com\/ar\/wp-json\/wp\/v2\/product_cat?post=3193"},{"taxonomy":"product_tag","embeddable":true,"href":"https:\/\/ambiance.maisoninterbois.com\/ar\/wp-json\/wp\/v2\/product_tag?post=3193"}],"curies":[{"name":"wp","href":"https:\/\/api.w.org\/{rel}","templated":true}]}}